{"id":426,"date":"2019-08-05T11:01:20","date_gmt":"2019-08-05T09:01:20","guid":{"rendered":"https:\/\/www.chateaudefretoy.com\/?page_id=426"},"modified":"2025-08-14T11:37:44","modified_gmt":"2025-08-14T09:37:44","slug":"le-chateau","status":"publish","type":"page","link":"https:\/\/www.chateaudefretoy.com\/en\/le-chateau\/","title":{"rendered":"The Ch\u00e2teau"},"content":{"rendered":"<p>[et_pb_section fb_built=\u00a0\u00bb1&Prime; custom_padding_last_edited=\u00a0\u00bbon|phone\u00a0\u00bb _builder_version=\u00a0\u00bb4.16&Prime; background_color=\u00a0\u00bb#01034D\u00a0\u00bb custom_margin_tablet=\u00a0\u00bb\u00a0\u00bb custom_margin_phone=\u00a0\u00bb\u00a0\u00bb custom_margin_last_edited=\u00a0\u00bbon|desktop\u00a0\u00bb custom_padding=\u00a0\u00bb0px||0px||false|false\u00a0\u00bb custom_padding_tablet=\u00a0\u00bb||40px||false|false\u00a0\u00bb custom_padding_phone=\u00a0\u00bb||20px||false|false\u00a0\u00bb global_colors_info=\u00a0\u00bb{}\u00a0\u00bb][et_pb_row column_structure=\u00a0\u00bb1_2,1_2&Prime; make_equal=\u00a0\u00bbon\u00a0\u00bb disabled_on=\u00a0\u00bboff|off|off\u00a0\u00bb _builder_version=\u00a0\u00bb4.21.0&Prime; background_enable_image=\u00a0\u00bboff\u00a0\u00bb background_size=\u00a0\u00bbinitial\u00a0\u00bb background_position=\u00a0\u00bbcenter_right\u00a0\u00bb width=\u00a0\u00bb100%\u00a0\u00bb max_width=\u00a0\u00bb100%\u00a0\u00bb custom_padding=\u00a0\u00bb0px||0px|||\u00a0\u00bb background_last_edited=\u00a0\u00bbon|desktop\u00a0\u00bb background_enable_image_tablet=\u00a0\u00bboff\u00a0\u00bb global_colors_info=\u00a0\u00bb{}\u00a0\u00bb][et_pb_column type=\u00a0\u00bb1_2&Prime; _builder_version=\u00a0\u00bb4.21.0&Prime; background_image=\u00a0\u00bbhttps:\/\/www.chateaudefretoy.com\/wp-content\/uploads\/2022\/09\/chateau-de-fretoy_sejours-notre-chateau.jpg\u00a0\u00bb global_colors_info=\u00a0\u00bb{}\u00a0\u00bb][et_pb_image src=\u00a0\u00bbhttps:\/\/www.chateaudefretoy.com\/wp-content\/uploads\/2022\/09\/chateau-de-fretoy_sejours-notre-chateau.jpg\u00a0\u00bb title_text=\u00a0\u00bbIMG_8399&Prime; force_fullwidth=\u00a0\u00bbon\u00a0\u00bb disabled_on=\u00a0\u00bboff|off|on\u00a0\u00bb _builder_version=\u00a0\u00bb4.21.0&Prime; global_colors_info=\u00a0\u00bb{}\u00a0\u00bb][\/et_pb_image][\/et_pb_column][et_pb_column type=\u00a0\u00bb1_2&Prime; _builder_version=\u00a0\u00bb4.16&Prime; global_colors_info=\u00a0\u00bb{}\u00a0\u00bb][et_pb_text content_tablet=\u00a0\u00bb<span style=%22color: white; font-family: 'Cinzel', serif; font-size: 60px;%22>Le Ch\u00e2teau <\/span><br \/>\n<span style=%22font-family: 'Great Vibes', cursive; color: #d17c00; font-size: 70px;%22>&#038; son histoire<\/span><\/p>\n<p>C\u2019est avec un grand plaisir que nous vous accueillons dans notre magnifique ch\u00e2teau, de ses d\u00e9pendances et de son parc de 4 hectares en Bourgogne Sud. <\/p>\n<p >Que ce soit pour des vacances en famille, un mariage, une cousinade, un weekend de d\u00e9tente ou pour des s\u00e9minaires.<\/p>\n<p>\u00a0\u00bb content_phone=\u00a0\u00bb<\/p>\n<h1><span style=%22color: white; font-family: 'Cinzel', serif; font-size: 10vw;%22>Le Ch\u00e2teau <\/span><br \/>\n<span style=%22font-family: 'Great Vibes', cursive; color: #d17c00; font-size: 10vw;%22>&#038; son histoire<\/span><\/h1>\n<p>C\u2019est avec un grand plaisir que nous vous accueillons dans notre magnifique ch\u00e2teau, de ses d\u00e9pendances et de son parc de 4 hectares en Bourgogne Sud.<br \/>\nQue ce soit pour des vacances en famille, un mariage, une cousinade, un weekend de d\u00e9tente ou pour des s\u00e9minaires.\u00a0\u00bb content_last_edited=\u00a0\u00bbon|phone\u00a0\u00bb disabled_on=\u00a0\u00bboff|off|off\u00a0\u00bb _builder_version=\u00a0\u00bb4.22.1&Prime; text_text_color=\u00a0\u00bb#ffffff\u00a0\u00bb text_font_size=\u00a0\u00bb17px\u00a0\u00bb width=\u00a0\u00bb72%\u00a0\u00bb width_tablet=\u00a0\u00bb72%\u00a0\u00bb width_phone=\u00a0\u00bb90%\u00a0\u00bb width_last_edited=\u00a0\u00bbon|phone\u00a0\u00bb custom_margin=\u00a0\u00bb11%||11%||true|false\u00a0\u00bb custom_margin_tablet=\u00a0\u00bb40px||||false|false\u00a0\u00bb custom_margin_phone=\u00a0\u00bb0px||||false|false\u00a0\u00bb custom_margin_last_edited=\u00a0\u00bbon|phone\u00a0\u00bb custom_padding=\u00a0\u00bb71px|45px|71px|45px|true|true\u00a0\u00bb module_alignment_tablet=\u00a0\u00bb\u00a0\u00bb module_alignment_phone=\u00a0\u00bbcenter\u00a0\u00bb module_alignment_last_edited=\u00a0\u00bbon|phone\u00a0\u00bb border_width_all=\u00a0\u00bb2px\u00a0\u00bb border_color_all=\u00a0\u00bb#D17C00&Prime; global_colors_info=\u00a0\u00bb{}\u00a0\u00bb]<\/p>\n<h1><span style=\"color: white; font-family: 'Cinzel', serif; font-size: 60px;\">Le Ch\u00e2teau\u00a0<\/span><br \/>\n<span style=\"font-family: 'Great Vibes', cursive; color: #d17c00; font-size: 70px;\">&amp; son histoire<\/span><\/h1>\n<p>C\u2019est avec un grand plaisir que nous vous accueillons dans notre magnifique ch\u00e2teau, de ses d\u00e9pendances et de son parc de 4 hectares en Bourgogne Sud.<br \/>\nQue ce soit pour des vacances en famille, un mariage, une cousinade, un weekend de d\u00e9tente ou pour des s\u00e9minaires.[\/et_pb_text][\/et_pb_column][\/et_pb_row][\/et_pb_section][et_pb_section fb_built=\u00a0\u00bb1&Prime; _builder_version=\u00a0\u00bb4.16&Prime; global_colors_info=\u00a0\u00bb{}\u00a0\u00bb][et_pb_row disabled_on=\u00a0\u00bboff|off|off\u00a0\u00bb _builder_version=\u00a0\u00bb4.21.0&Prime; global_colors_info=\u00a0\u00bb{}\u00a0\u00bb][et_pb_column type=\u00a0\u00bb4_4&Prime; _builder_version=\u00a0\u00bb4.16&Prime; global_colors_info=\u00a0\u00bb{}\u00a0\u00bb][et_pb_text content_tablet=\u00a0\u00bb<\/p>\n<p><span style=%22font-family: 'Cinzel', serif; font-size: 60px;%22>Une b\u00e2tisse<\/span><br \/><span color=%22#d17c00%22 face=%22Great Vibes, cursive%22 style=%22color: #d17c00; font-family: 'Great Vibes', cursive;%22><span style=%22font-size: 70px;%22>de charme<\/span><\/span><\/p>\n<p>\u00a0\u00bb content_phone=\u00a0\u00bb<\/p>\n<h2><span style=%22font-family: 'Cinzel', serif; font-size: 10vw;%22>Une b\u00e2tisse<\/span><br \/>\n<span color=%22#d17c00%22 face=%22Great Vibes, cursive%22 style=%22color: #d17c00; font-family: 'Great Vibes', cursive;%22><span style=%22font-size: 12vw;%22>de charme<\/span><\/span><\/h2>\n<p>\u00a0\u00bb content_last_edited=\u00a0\u00bbon|phone\u00a0\u00bb _builder_version=\u00a0\u00bb4.21.0&Prime; header_text_color=\u00a0\u00bb#666666&Prime; header_2_text_color=\u00a0\u00bb#666666&Prime; text_orientation=\u00a0\u00bbcenter\u00a0\u00bb text_text_align=\u00a0\u00bbcenter\u00a0\u00bb global_colors_info=\u00a0\u00bb{}\u00a0\u00bb]<\/p>\n<h2><span style=\"font-family: 'Cinzel', serif; font-size: 60px;\">Une b\u00e2tisse<\/span><br \/>\n<span color=\"#d17c00\" face=\"Great Vibes, cursive\" style=\"color: #d17c00; font-family: 'Great Vibes', cursive;\"><span style=\"font-size: 70px;\">de charme<\/span><\/span><\/p>\n<h2>[\/et_pb_text][et_pb_image src=\u00a0\u00bbhttps:\/\/www.chateaudefretoy.com\/wp-content\/uploads\/2019\/07\/chateau-de-fretoy_-groupe-4.png\u00a0\u00bb align=\u00a0\u00bbcenter\u00a0\u00bb _builder_version=\u00a0\u00bb4.21.0&Prime; max_width=\u00a0\u00bb40%\u00a0\u00bb custom_margin=\u00a0\u00bb-14px|||||\u00a0\u00bb global_colors_info=\u00a0\u00bb{}\u00a0\u00bb][\/et_pb_image][\/et_pb_column][\/et_pb_row][et_pb_row make_equal=\u00a0\u00bbon\u00a0\u00bb _builder_version=\u00a0\u00bb4.16&Prime; width=\u00a0\u00bb60%\u00a0\u00bb width_tablet=\u00a0\u00bb88%\u00a0\u00bb width_phone=\u00a0\u00bb\u00a0\u00bb width_last_edited=\u00a0\u00bbon|tablet\u00a0\u00bb global_colors_info=\u00a0\u00bb{}\u00a0\u00bb][et_pb_column type=\u00a0\u00bb4_4&Prime; _builder_version=\u00a0\u00bb4.16&Prime; global_colors_info=\u00a0\u00bb{}\u00a0\u00bb][et_pb_text _builder_version=\u00a0\u00bb4.21.0&Prime; text_font_size=\u00a0\u00bb18px\u00a0\u00bb text_orientation=\u00a0\u00bbcenter\u00a0\u00bb custom_margin=\u00a0\u00bb||60px|||\u00a0\u00bb text_font_size_tablet=\u00a0\u00bb\u00a0\u00bb text_font_size_phone=\u00a0\u00bb16px\u00a0\u00bb text_font_size_last_edited=\u00a0\u00bbon|phone\u00a0\u00bb text_text_align=\u00a0\u00bbcenter\u00a0\u00bb global_colors_info=\u00a0\u00bb{}\u00a0\u00bb]Son architecture romantique et ses vieilles pierres ne laisseront personne insensible. La plupart des pi\u00e8ces du ch\u00e2teau ont gard\u00e9 les mati\u00e8res nobles d\u2019autrefois : des parquets anciens, des portes et des fen\u00eatres d\u2019antan.\u00a0Le ch\u00e2teau fait face au sud, sa vue s\u2019ouvre sur les collines et les fermes aux alentours.<\/p>\n<p>\u00c0 l\u2019entr\u00e9e, un hall spacieux avec le charme de ses carreaux de ciment donne acc\u00e8s \u00e0 trois grands espaces \u00e0 vivre ainsi qu\u2019\u00e0 un espace d\u00e9di\u00e9 \u00e0 vos petits.<\/p>\n<p>Nos trois salons spacieux et lumineux, avec leur plafond \u00e0 la fran\u00e7aise, sont un lieu id\u00e9al pour la d\u00e9tente entre famille ou entre amis apr\u00e8s une longue journ\u00e9e d\u2019excursion.<\/p>\n<p>Au rez-de-chauss\u00e9e, vous trouvez \u00e9galement une grande orangerie avec sa chemin\u00e9e, qui est reli\u00e9e \u00e0 une vaste cuisine semi-professionnelle \u00e9quip\u00e9e. Elle est utilis\u00e9e comme salle \u00e0 manger commune. Cette pi\u00e8ce peut accueillir jusqu\u2019\u00e0 42 personnes et peut \u00eatre am\u00e9nag\u00e9e selon vos demandes, pour y organiser vos r\u00e9ceptions.<\/p>\n<p>Le premier et le second \u00e9tage sont totalement d\u00e9di\u00e9s \u00e0 la nuit. Nous y avons cr\u00e9\u00e9 douze chambres larges, spacieuses et lumineuses, r\u00e9parties sur les deux \u00e9tages. Certaines de ces chambres peuvent recevoir jusqu\u2019\u00e0 quatre personnes.<\/p>\n<p>Afin de ne pas endommager l\u2019aspect originel du ch\u00e2teau et de son b\u00e2ti, nous avons d\u00e9cid\u00e9 de r\u00e9unir les espaces douches et toilettes dans une tour. Sur les deux \u00e9tages, les installations sanitaires sont spacieuses tout en respectant l\u2019intimit\u00e9 de chaque personne. Les trois salles de douches par \u00e9tage avec leur meuble, les trois toilettes s\u00e9par\u00e9es et deux lavabos compl\u00e8tent l\u2019espace.[\/et_pb_text][et_pb_gallery gallery_ids=\u00a0\u00bb3013,2954,3023,2950,6954,6955,6958,6953,6956,6957,2953,3014,3015,2952,6993,6994&Prime; show_title_and_caption=\u00a0\u00bboff\u00a0\u00bb zoom_icon_color=\u00a0\u00bb#D17C00&Prime; hover_overlay_color=\u00a0\u00bbrgba(0,0,0,0.61)\u00a0\u00bb disabled_on=\u00a0\u00bbon|off|off\u00a0\u00bb _builder_version=\u00a0\u00bb4.27.4&Prime; caption_text_color=\u00a0\u00bb#01034D\u00a0\u00bb pagination_font=\u00a0\u00bbLato|||on|||||\u00a0\u00bb pagination_text_align=\u00a0\u00bbcenter\u00a0\u00bb pagination_text_color=\u00a0\u00bb#7f7f7f\u00a0\u00bb hover_enabled=\u00a0\u00bb0&Prime; global_colors_info=\u00a0\u00bb{}\u00a0\u00bb pagination_text_color__hover_enabled=\u00a0\u00bbon\u00a0\u00bb pagination_text_color__hover=\u00a0\u00bb#01034D\u00a0\u00bb sticky_enabled=\u00a0\u00bb0&Prime;][\/et_pb_gallery][et_pb_gallery gallery_ids=\u00a0\u00bb3013,2954,3023,2950,6955,6954,6953,6958,6956,6957,2953,3014,3015,2952,6993,6994&Prime; fullwidth=\u00a0\u00bbon\u00a0\u00bb disabled_on=\u00a0\u00bboff|on|on\u00a0\u00bb _builder_version=\u00a0\u00bb4.27.4&Prime; pagination_font=\u00a0\u00bbLato|||on|||||\u00a0\u00bb pagination_text_align=\u00a0\u00bbcenter\u00a0\u00bb pagination_text_color=\u00a0\u00bb#7f7f7f\u00a0\u00bb hover_enabled=\u00a0\u00bb0&Prime; global_colors_info=\u00a0\u00bb{}\u00a0\u00bb pagination_text_color__hover_enabled=\u00a0\u00bbon\u00a0\u00bb pagination_text_color__hover=\u00a0\u00bb#01034D\u00a0\u00bb sticky_enabled=\u00a0\u00bb0&Prime;][\/et_pb_gallery][\/et_pb_column][\/et_pb_row][\/et_pb_section][et_pb_section fb_built=\u00a0\u00bb1&Prime; _builder_version=\u00a0\u00bb4.16&Prime; custom_margin=\u00a0\u00bb0px||||false|false\u00a0\u00bb custom_padding=\u00a0\u00bb4px||5px|||\u00a0\u00bb global_colors_info=\u00a0\u00bb{}\u00a0\u00bb][et_pb_row disabled_on=\u00a0\u00bboff|off|off\u00a0\u00bb _builder_version=\u00a0\u00bb4.21.0&Prime; custom_margin=\u00a0\u00bb0px||||false|false\u00a0\u00bb global_colors_info=\u00a0\u00bb{}\u00a0\u00bb][et_pb_column type=\u00a0\u00bb4_4&Prime; _builder_version=\u00a0\u00bb4.16&Prime; global_colors_info=\u00a0\u00bb{}\u00a0\u00bb][et_pb_text content_tablet=\u00a0\u00bb<\/p>\n<p><span style=%22font-family: 'Cinzel', serif; font-size: 60px;%22>Un <\/span><span face=%22Cinzel, serif%22 style=%22font-family: Cinzel, serif;%22><span style=%22font-size: 60px;%22>accueil<\/span><\/span><br \/> <span style=%22font-family: 'Great Vibes', cursive; color: #d17c00; font-size: 70px;%22>chaleureux<\/span><\/p>\n<p>\u00a0\u00bb content_phone=\u00a0\u00bb<\/p>\n<h2><span style=%22font-family: 'Cinzel', serif; font-size: 10vw;%22>Un accueil<\/span><br \/>\n<span style=%22font-family: 'Great Vibes', cursive; color: #d17c00; font-size: 12vw;%22>chaleureux<\/span><\/h2>\n<p>\u00a0\u00bb content_last_edited=\u00a0\u00bbon|phone\u00a0\u00bb _builder_version=\u00a0\u00bb4.21.0&Prime; header_2_text_color=\u00a0\u00bb#666666&Prime; text_orientation=\u00a0\u00bbcenter\u00a0\u00bb custom_margin=\u00a0\u00bb0px||0px||true|false\u00a0\u00bb custom_padding=\u00a0\u00bb||||false|false\u00a0\u00bb text_text_align=\u00a0\u00bbcenter\u00a0\u00bb global_colors_info=\u00a0\u00bb{}\u00a0\u00bb]<\/p>\n<h2><span style=\"font-family: 'Cinzel', serif; font-size: 60px;\">Un\u00a0<\/span><span face=\"Cinzel, serif\" style=\"font-family: Cinzel, serif;\"><span style=\"font-size: 60px;\">accueil<\/span><\/span><br \/>\n<span style=\"font-family: 'Great Vibes', cursive; color: #d17c00; font-size: 70px;\">chaleureux<\/span><\/h2>\n<p>[\/et_pb_text][et_pb_image src=\u00a0\u00bbhttps:\/\/www.chateaudefretoy.com\/wp-content\/uploads\/2019\/07\/chateau-de-fretoy_-groupe-4.png\u00a0\u00bb align=\u00a0\u00bbcenter\u00a0\u00bb _builder_version=\u00a0\u00bb4.16&Prime; max_width=\u00a0\u00bb40%\u00a0\u00bb custom_margin=\u00a0\u00bb20px||||false|false\u00a0\u00bb global_colors_info=\u00a0\u00bb{}\u00a0\u00bb][\/et_pb_image][\/et_pb_column][\/et_pb_row][et_pb_row column_structure=\u00a0\u00bb1_2,1_2&Prime; use_custom_gutter=\u00a0\u00bbon\u00a0\u00bb gutter_width=\u00a0\u00bb2&Prime; make_equal=\u00a0\u00bbon\u00a0\u00bb disabled_on=\u00a0\u00bbon|on|off\u00a0\u00bb _builder_version=\u00a0\u00bb4.16&Prime; global_colors_info=\u00a0\u00bb{}\u00a0\u00bb][et_pb_column type=\u00a0\u00bb1_2&Prime; _builder_version=\u00a0\u00bb4.16&Prime; global_colors_info=\u00a0\u00bb{}\u00a0\u00bb][et_pb_text _builder_version=\u00a0\u00bb4.16&Prime; text_font_size=\u00a0\u00bb23px\u00a0\u00bb text_line_height=\u00a0\u00bb1.4em\u00a0\u00bb header_text_align=\u00a0\u00bbright\u00a0\u00bb text_orientation=\u00a0\u00bbright\u00a0\u00bb width=\u00a0\u00bb53.6%\u00a0\u00bb module_alignment=\u00a0\u00bbright\u00a0\u00bb custom_margin=\u00a0\u00bb||||false|false\u00a0\u00bb custom_padding=\u00a0\u00bb10px|25px|10px||true|false\u00a0\u00bb border_width_right=\u00a0\u00bb2px\u00a0\u00bb border_color_right=\u00a0\u00bb#D17C00&Prime; text_text_align=\u00a0\u00bbright\u00a0\u00bb global_colors_info=\u00a0\u00bb{}\u00a0\u00bb]<\/p>\n<p><em>Les excellents souvenirs de votre s\u00e9jour et la r\u00e9ussite de votre \u00e9v\u00e9nement est notre objectif principal.<\/em><\/p>\n<p><em>Nous vous souhaitons une bonne d\u00e9couverte de notre site, en attendant le grand plaisir de vous accueillir chez nous.<\/em><\/p>\n<p><strong>R\u00e9nche et Geert<\/strong><\/p>\n<p>[\/et_pb_text][\/et_pb_column][et_pb_column type=\u00a0\u00bb1_2&Prime; _builder_version=\u00a0\u00bb4.16&Prime; global_colors_info=\u00a0\u00bb{}\u00a0\u00bb][et_pb_image src=\u00a0\u00bbhttps:\/\/www.chateaudefretoy.com\/wp-content\/uploads\/2022\/09\/chateau-de-fretoy_renche-geert-proprietaires-chateau.jpg\u00a0\u00bb title_text=\u00a0\u00bb67170499_2931747310200296_5765812055202332672_n\u00a0\u00bb _builder_version=\u00a0\u00bb4.18.0&Prime; min_height=\u00a0\u00bb352px\u00a0\u00bb custom_margin=\u00a0\u00bb||||false|false\u00a0\u00bb custom_padding=\u00a0\u00bb||||false|false\u00a0\u00bb global_colors_info=\u00a0\u00bb{}\u00a0\u00bb][\/et_pb_image][\/et_pb_column][\/et_pb_row][et_pb_row column_structure=\u00a0\u00bb1_4,1_4,1_4,1_4&Prime; use_custom_gutter=\u00a0\u00bbon\u00a0\u00bb gutter_width=\u00a0\u00bb2&Prime; disabled_on=\u00a0\u00bboff|off|on\u00a0\u00bb _builder_version=\u00a0\u00bb4.16&Prime; global_colors_info=\u00a0\u00bb{}\u00a0\u00bb][et_pb_column type=\u00a0\u00bb1_4&Prime; _builder_version=\u00a0\u00bb4.16&Prime; global_colors_info=\u00a0\u00bb{}\u00a0\u00bb][et_pb_image src=\u00a0\u00bbhttps:\/\/www.chateaudefretoy.com\/wp-content\/uploads\/2022\/09\/chateau-de-fretoy_renche-geert-proprietaires-chateau.jpg\u00a0\u00bb title_text=\u00a0\u00bb67170499_2931747310200296_5765812055202332672_n\u00a0\u00bb force_fullwidth=\u00a0\u00bbon\u00a0\u00bb disabled_on=\u00a0\u00bboff|on|on\u00a0\u00bb _builder_version=\u00a0\u00bb4.18.0&Prime; min_height=\u00a0\u00bb352px\u00a0\u00bb custom_margin=\u00a0\u00bb||||false|false\u00a0\u00bb custom_padding=\u00a0\u00bb||||false|false\u00a0\u00bb global_colors_info=\u00a0\u00bb{}\u00a0\u00bb][\/et_pb_image][et_pb_text _builder_version=\u00a0\u00bb4.16&Prime; text_font_size=\u00a0\u00bb22px\u00a0\u00bb text_line_height=\u00a0\u00bb1.4em\u00a0\u00bb text_orientation=\u00a0\u00bbright\u00a0\u00bb width=\u00a0\u00bb100%\u00a0\u00bb custom_margin=\u00a0\u00bb|||1px|false|false\u00a0\u00bb custom_padding=\u00a0\u00bb0px|25px|0px||true|false\u00a0\u00bb border_width_right=\u00a0\u00bb2px\u00a0\u00bb border_color_right=\u00a0\u00bb#D17C00&Prime; text_text_align=\u00a0\u00bbright\u00a0\u00bb global_colors_info=\u00a0\u00bb{}\u00a0\u00bb]<\/p>\n<p><em>Les excellents souvenirs de votre s\u00e9jour et la r\u00e9ussite de votre \u00e9v\u00e9nement est notre objectif principal.<\/em><\/p>\n<p><em>Nous vous souhaitons une bonne d\u00e9couverte de notre site, en attendant le grand plaisir de vous accueillir chez nous.<\/em><\/p>\n<p><strong>R\u00e9nche et Geert<\/strong><\/p>\n<p>[\/et_pb_text][\/et_pb_column][et_pb_column type=\u00a0\u00bb1_4&Prime; _builder_version=\u00a0\u00bb4.16&Prime; global_colors_info=\u00a0\u00bb{}\u00a0\u00bb][et_pb_image src=\u00a0\u00bbhttps:\/\/www.chateaudefretoy.com\/wp-content\/uploads\/2022\/09\/chateau-de-fretoy_renche-geert-proprietaires-chateau.jpg\u00a0\u00bb title_text=\u00a0\u00bb67170499_2931747310200296_5765812055202332672_n\u00a0\u00bb disabled_on=\u00a0\u00bbon|off|off\u00a0\u00bb _builder_version=\u00a0\u00bb4.18.0&Prime; min_height=\u00a0\u00bb352px\u00a0\u00bb custom_margin=\u00a0\u00bb||||false|false\u00a0\u00bb custom_padding=\u00a0\u00bb||||false|false\u00a0\u00bb global_colors_info=\u00a0\u00bb{}\u00a0\u00bb][\/et_pb_image][\/et_pb_column][et_pb_column type=\u00a0\u00bb1_4&Prime; _builder_version=\u00a0\u00bb4.16&Prime; global_colors_info=\u00a0\u00bb{}\u00a0\u00bb][\/et_pb_column][et_pb_column type=\u00a0\u00bb1_4&Prime; _builder_version=\u00a0\u00bb4.16&Prime; global_colors_info=\u00a0\u00bb{}\u00a0\u00bb][\/et_pb_column][\/et_pb_row][\/et_pb_section][et_pb_section fb_built=\u00a0\u00bb1&Prime; _builder_version=\u00a0\u00bb4.16&Prime; custom_margin=\u00a0\u00bb0px||||false|false\u00a0\u00bb custom_padding=\u00a0\u00bb4px||5px|||\u00a0\u00bb global_colors_info=\u00a0\u00bb{}\u00a0\u00bb][et_pb_row disabled_on=\u00a0\u00bboff|off|off\u00a0\u00bb _builder_version=\u00a0\u00bb4.21.0&Prime; custom_margin=\u00a0\u00bb0px||||false|false\u00a0\u00bb custom_padding=\u00a0\u00bb93px|||||\u00a0\u00bb global_colors_info=\u00a0\u00bb{}\u00a0\u00bb][et_pb_column type=\u00a0\u00bb4_4&Prime; _builder_version=\u00a0\u00bb4.16&Prime; global_colors_info=\u00a0\u00bb{}\u00a0\u00bb][et_pb_text content_tablet=\u00a0\u00bb<\/p>\n<p><span style=%22font-family: 'Cinzel', serif; font-size: 60px;%22>Un parc<\/span><br \/> <span style=%22font-family: 'Great Vibes', cursive; color: #d17c00; font-size: 70px;%22>majestueux<\/span><\/p>\n<p>\u00a0\u00bb content_phone=\u00a0\u00bb<\/h2>\n<p><span style=%22font-family: 'Cinzel', serif; font-size: 10vw;%22>Un parc<\/span><br \/>\n<span style=%22font-family: 'Great Vibes', cursive; color: #d17c00; font-size: 12vw;%22>majestueux<\/span><\/h2>\n<p>\u00a0\u00bb content_last_edited=\u00a0\u00bbon|phone\u00a0\u00bb _builder_version=\u00a0\u00bb4.21.0&Prime; header_2_text_color=\u00a0\u00bb#666666&Prime; text_orientation=\u00a0\u00bbcenter\u00a0\u00bb custom_margin=\u00a0\u00bb0px||0px||true|false\u00a0\u00bb custom_padding=\u00a0\u00bb||||false|false\u00a0\u00bb text_text_align=\u00a0\u00bbcenter\u00a0\u00bb global_colors_info=\u00a0\u00bb{}\u00a0\u00bb]<\/p>\n<h2><span style=\"font-family: 'Cinzel', serif; font-size: 60px;\">Un parc<\/span><br \/> <span style=\"font-family: 'Great Vibes', cursive; color: #d17c00; font-size: 70px;\">majestueux<\/span><\/h2>\n<p>[\/et_pb_text][et_pb_image src=\u00a0\u00bbhttps:\/\/www.chateaudefretoy.com\/wp-content\/uploads\/2019\/07\/chateau-de-fretoy_-groupe-4.png\u00a0\u00bb align=\u00a0\u00bbcenter\u00a0\u00bb _builder_version=\u00a0\u00bb4.16&Prime; max_width=\u00a0\u00bb40%\u00a0\u00bb custom_margin=\u00a0\u00bb20px||||false|false\u00a0\u00bb global_colors_info=\u00a0\u00bb{}\u00a0\u00bb][\/et_pb_image][\/et_pb_column][\/et_pb_row][et_pb_row column_structure=\u00a0\u00bb1_2,1_2&Prime; use_custom_gutter=\u00a0\u00bbon\u00a0\u00bb gutter_width=\u00a0\u00bb2&Prime; _builder_version=\u00a0\u00bb4.16&Prime; global_colors_info=\u00a0\u00bb{}\u00a0\u00bb][et_pb_column type=\u00a0\u00bb1_2&Prime; _builder_version=\u00a0\u00bb4.16&Prime; global_colors_info=\u00a0\u00bb{}\u00a0\u00bb][et_pb_gallery gallery_ids=\u00a0\u00bb3019,3020,2956,3013,3018,432,2072,2957,3231,3230,3221,3222&Prime; fullwidth=\u00a0\u00bbon\u00a0\u00bb disabled_on=\u00a0\u00bboff|off|off\u00a0\u00bb _builder_version=\u00a0\u00bb4.21.0&Prime; custom_margin=\u00a0\u00bb0px||||false|false\u00a0\u00bb custom_padding=\u00a0\u00bb0px|0px|0px||false|false\u00a0\u00bb border_color_all=\u00a0\u00bb#D17C00&Prime; global_colors_info=\u00a0\u00bb{}\u00a0\u00bb][\/et_pb_gallery][\/et_pb_column][et_pb_column type=\u00a0\u00bb1_2&Prime; _builder_version=\u00a0\u00bb4.16&Prime; global_colors_info=\u00a0\u00bb{}\u00a0\u00bb][et_pb_text disabled_on=\u00a0\u00bboff|off|off\u00a0\u00bb _builder_version=\u00a0\u00bb4.21.0&Prime; text_font_size=\u00a0\u00bb18px\u00a0\u00bb text_line_height=\u00a0\u00bb1.4em\u00a0\u00bb width=\u00a0\u00bb92.5%\u00a0\u00bb custom_margin=\u00a0\u00bb0px|||-20px|false|false\u00a0\u00bb custom_padding=\u00a0\u00bb|0px||25px|true|false\u00a0\u00bb custom_padding_tablet=\u00a0\u00bb|0px||25px|true|false\u00a0\u00bb custom_padding_phone=\u00a0\u00bb|25px||0px|true|false\u00a0\u00bb custom_padding_last_edited=\u00a0\u00bbon|phone\u00a0\u00bb text_orientation_tablet=\u00a0\u00bb\u00a0\u00bb text_orientation_phone=\u00a0\u00bbright\u00a0\u00bb text_orientation_last_edited=\u00a0\u00bbon|phone\u00a0\u00bb border_color_right=\u00a0\u00bb#D17C00&Prime; border_width_left=\u00a0\u00bb2px\u00a0\u00bb border_color_left=\u00a0\u00bb#d17c00&Prime; border_width_right_tablet=\u00a0\u00bb\u00a0\u00bb border_width_right_phone=\u00a0\u00bb2px\u00a0\u00bb border_width_right_last_edited=\u00a0\u00bbon|phone\u00a0\u00bb border_width_left_tablet=\u00a0\u00bb2px\u00a0\u00bb border_width_left_phone=\u00a0\u00bb0px\u00a0\u00bb border_width_left_last_edited=\u00a0\u00bbon|phone\u00a0\u00bb text_text_align=\u00a0\u00bbleft\u00a0\u00bb global_colors_info=\u00a0\u00bb{}\u00a0\u00bb]<\/p>\n<p>Au c\u0153ur d\u2019un vaste parc de 4 hectares agr\u00e9ment\u00e9 d\u2019arbres centenaires dans un cadre de verdure exceptionnel, le Ch\u00e2teau de Fr\u00e9toy est le lieu id\u00e9al pour votre s\u00e9jour et vos \u00e9v\u00e9nements.<\/p>\n<p>Notre parc ombrag\u00e9, l\u2019orangerie, les deux terrasses, la cour d\u2019honneur devant le ch\u00e2teau et la pelouse vont sublimer votre c\u00e9r\u00e9monie, cocktail, animation ou d\u00eener.<\/p>\n<p>En outre, le parc offre de tr\u00e8s nombreuses possibilit\u00e9s d\u2019activit\u00e9s. La propri\u00e9t\u00e9 poss\u00e8de une piscine ext\u00e9rieure chauff\u00e9e ainsi qu\u2019un court de tennis. Vous pouvez \u00e9galement\u00a0 organiser un tournoi de p\u00e9tanque. Les plus jeunes appr\u00e9cieront certainement les am\u00e9nagements con\u00e7us pour eux, ainsi que des jeux de jardin.<\/p>\n<p>Une multitude d\u2019activit\u00e9s sportives originales peuvent bien s\u00fbr \u00eatre organis\u00e9es pour rendre vos \u00e9v\u00e9nements professionnels hors du commun.<\/p>\n<p>Mais, pour que votre s\u00e9jour soit complet, ne manquez pas de vous allonger dans nos chaises longues. Profitez du soleil, tout en admirant la vue sur le jardin et les collines verdoyantes aux alentours avec un verre de Chardonnay ou de Pinot Noir \u00e0 la main.<\/p>\n<p>[\/et_pb_text][\/et_pb_column][\/et_pb_row][\/et_pb_section][et_pb_section fb_built=\u00a0\u00bb1&Prime; _builder_version=\u00a0\u00bb4.16&Prime; global_colors_info=\u00a0\u00bb{}\u00a0\u00bb][et_pb_row disabled_on=\u00a0\u00bboff|off|off\u00a0\u00bb _builder_version=\u00a0\u00bb4.21.0&Prime; global_colors_info=\u00a0\u00bb{}\u00a0\u00bb][et_pb_column type=\u00a0\u00bb4_4&Prime; _builder_version=\u00a0\u00bb4.16&Prime; global_colors_info=\u00a0\u00bb{}\u00a0\u00bb][et_pb_text content_tablet=\u00a0\u00bb<\/p>\n<p><span style=%22font-family: 'Cinzel', serif; font-size: 60px;%22>Une histoire<\/span><br \/><span color=%22#d17c00%22 face=%22Great Vibes, cursive%22 style=%22color: #d17c00; font-family: 'Great Vibes', cursive;%22><span style=%22font-size: 70px;%22>de g\u00e9n\u00e9rosit\u00e9<\/span><\/span><\/p>\n<p>\u00a0\u00bb content_phone=\u00a0\u00bb<\/p>\n<h2><span style=%22font-family: 'Cinzel', serif; font-size: 10vw;%22>Une histoire<\/span><br \/>\n<span color=%22#d17c00%22 face=%22Great Vibes, cursive%22 style=%22color: #d17c00; font-family: 'Great Vibes', cursive;%22><span style=%22font-size: 12vw;%22>de g\u00e9n\u00e9rosit\u00e9<\/span><\/span><\/h2>\n<p>\u00a0\u00bb content_last_edited=\u00a0\u00bbon|desktop\u00a0\u00bb _builder_version=\u00a0\u00bb4.21.0&Prime; header_2_text_color=\u00a0\u00bb#666666&Prime; text_orientation=\u00a0\u00bbcenter\u00a0\u00bb text_text_align=\u00a0\u00bbcenter\u00a0\u00bb global_colors_info=\u00a0\u00bb{}\u00a0\u00bb]<\/p>\n<h2><span style=\"font-family: 'Cinzel', serif; font-size: 60px;\">Une histoire<\/span><br \/><span color=\"#d17c00\" face=\"Great Vibes, cursive\" style=\"color: #d17c00; font-family: 'Great Vibes', cursive;\"><span style=\"font-size: 70px;\">de g\u00e9n\u00e9rosit\u00e9<\/span><\/span><\/h2>\n<p>[\/et_pb_text][et_pb_image src=\u00a0\u00bbhttps:\/\/www.chateaudefretoy.com\/wp-content\/uploads\/2019\/07\/chateau-de-fretoy_-groupe-4.png\u00a0\u00bb align=\u00a0\u00bbcenter\u00a0\u00bb _builder_version=\u00a0\u00bb4.16&Prime; max_width=\u00a0\u00bb40%\u00a0\u00bb custom_margin=\u00a0\u00bb-14px|||||\u00a0\u00bb global_colors_info=\u00a0\u00bb{}\u00a0\u00bb][\/et_pb_image][\/et_pb_column][\/et_pb_row][et_pb_row column_structure=\u00a0\u00bb1_2,1_2&Prime; use_custom_gutter=\u00a0\u00bbon\u00a0\u00bb gutter_width=\u00a0\u00bb2&Prime; make_equal=\u00a0\u00bbon\u00a0\u00bb disabled_on=\u00a0\u00bboff|off|off\u00a0\u00bb _builder_version=\u00a0\u00bb4.21.0&Prime; custom_padding=\u00a0\u00bb||0px||false|false\u00a0\u00bb global_colors_info=\u00a0\u00bb{}\u00a0\u00bb][et_pb_column type=\u00a0\u00bb1_2&Prime; _builder_version=\u00a0\u00bb4.16&Prime; global_colors_info=\u00a0\u00bb{}\u00a0\u00bb][et_pb_gallery gallery_ids=\u00a0\u00bb444,2138&Prime; fullwidth=\u00a0\u00bbon\u00a0\u00bb disabled_on=\u00a0\u00bboff|off|on\u00a0\u00bb _builder_version=\u00a0\u00bb4.21.0&Prime; global_colors_info=\u00a0\u00bb{}\u00a0\u00bb][\/et_pb_gallery][et_pb_text module_class=\u00a0\u00bbtext_story\u00a0\u00bb _builder_version=\u00a0\u00bb4.21.0&Prime; text_font_size=\u00a0\u00bb17px\u00a0\u00bb text_orientation=\u00a0\u00bbright\u00a0\u00bb width=\u00a0\u00bb100%\u00a0\u00bb custom_margin=\u00a0\u00bb10px|274px||21px||\u00a0\u00bb custom_margin_tablet=\u00a0\u00bb10px|274px||21px||\u00a0\u00bb custom_margin_phone=\u00a0\u00bb10px|0px||0px|false|false\u00a0\u00bb custom_margin_last_edited=\u00a0\u00bbon|phone\u00a0\u00bb custom_padding=\u00a0\u00bb10px|25px|10px||true|false\u00a0\u00bb border_width_right=\u00a0\u00bb2px\u00a0\u00bb border_color_right=\u00a0\u00bb#D17C00&Prime; text_text_align=\u00a0\u00bbright\u00a0\u00bb global_colors_info=\u00a0\u00bb{}\u00a0\u00bb]<\/p>\n<p>Le Ch\u00e2teau de Fr\u00e9toy, imposante demeure dominant majestueusement son parc de quatre hectares, a \u00e9t\u00e9 construit en 1900. Ce ch\u00e2teau a appartenu \u00e0 C\u00e9cile Sorel, une tr\u00e8s c\u00e9l\u00e8bre actrice de la Com\u00e9die Fran\u00e7aise entre 1903 et 1933. Le ch\u00e2teau est ensuite devenu propri\u00e9t\u00e9 de la famille Clair-S\u0153ur. Les lettres CS qui se figurent au fronton du ch\u00e2teau, sont encore le t\u00e9moignage de cette \u00e9poque.<\/p>\n<p>Ensuite, en 1963 le Ch\u00e2teau a \u00e9t\u00e9 reconverti en Pr\u00e9ventorium par Le Croix Rouge et accueillait les enfants souffrant de la tuberculose. Ils poursuivaient leur scolarit\u00e9 en m\u00eame temps que leur s\u00e9jour de 18 mois.\u00a0Par la suite le ch\u00e2teau a \u00e9t\u00e9 transform\u00e9 en orphelinat pour le compte de la ville de Paris et accueillait les enfants en grand difficult\u00e9.<\/p>\n<p>Puis en 1981, le ch\u00e2teau a \u00e9t\u00e9 mis en vente et achet\u00e9 par plusieurs associations. C\u2019est finalement l\u2019association VIE ACTIVE LOISIRS, bas\u00e9e dans le Pas-de-Calais (une r\u00e9gion situ\u00e9e dans le nord de la France) qui le transformera en centre de vacances pour jeunes et adultes mentalement handicap\u00e9s, et ce, jusqu\u2019au d\u00e9but des ann\u00e9es 2000.<\/p>\n<p>Apr\u00e8s, il a \u00e9t\u00e9 c\u00e9d\u00e9 \u00e0 des particuliers hollandais. Actuellement, le ch\u00e2teau peut \u00eatre privatis\u00e9 pour des mariages, ainsi que pour des vacances en famille.<\/p>\n<p>De plus, les d\u00e9pendances servaient autrefois de r\u00e9sidence pour le gardien du ch\u00e2teau. Par la suite, le b\u00e2timent a \u00e9t\u00e9 agrandi et utilis\u00e9 comme si\u00e8ge de la direction de la Croix-Rouge. Apr\u00e8s les r\u00e9novations en 2011, celui-ci a \u00e9t\u00e9 transform\u00e9 en restaurant, suites et g\u00eetes.<\/p>\n<p>[\/et_pb_text][\/et_pb_column][et_pb_column type=\u00a0\u00bb1_2&Prime; _builder_version=\u00a0\u00bb4.16&Prime; global_colors_info=\u00a0\u00bb{}\u00a0\u00bb][et_pb_gallery gallery_ids=\u00a0\u00bb444,2138&Prime; fullwidth=\u00a0\u00bbon\u00a0\u00bb disabled_on=\u00a0\u00bbon|on|off\u00a0\u00bb _builder_version=\u00a0\u00bb4.21.0&Prime; global_colors_info=\u00a0\u00bb{}\u00a0\u00bb][\/et_pb_gallery][\/et_pb_column][\/et_pb_row][\/et_pb_section][et_pb_section fb_built=\u00a0\u00bb1&Prime; admin_label=\u00a0\u00bbFooter\u00a0\u00bb _builder_version=\u00a0\u00bb3.26.8&Prime; background_color=\u00a0\u00bb#01034D\u00a0\u00bb max_height=\u00a0\u00bb100px\u00a0\u00bb max_height_tablet=\u00a0\u00bb\u00a0\u00bb max_height_phone=\u00a0\u00bb\u00a0\u00bb max_height_last_edited=\u00a0\u00bbon|tablet\u00a0\u00bb custom_padding=\u00a0\u00bb20px||20px||false|false\u00a0\u00bb global_module=\u00a0\u00bb1232&Prime; saved_tabs=\u00a0\u00bball\u00a0\u00bb locked=\u00a0\u00bboff\u00a0\u00bb global_colors_info=\u00a0\u00bb{}\u00a0\u00bb][et_pb_row column_structure=\u00a0\u00bb3_5,2_5&Prime; _builder_version=\u00a0\u00bb4.16&Prime; width=\u00a0\u00bb70%\u00a0\u00bb width_tablet=\u00a0\u00bb\u00a0\u00bb width_phone=\u00a0\u00bb80%\u00a0\u00bb width_last_edited=\u00a0\u00bbon|desktop\u00a0\u00bb custom_padding=\u00a0\u00bb0px||0px||false|false\u00a0\u00bb custom_css_main_element=\u00a0\u00bbcolor:white!important;\u00a0\u00bb global_colors_info=\u00a0\u00bb{}\u00a0\u00bb][et_pb_column type=\u00a0\u00bb3_5&Prime; _builder_version=\u00a0\u00bb4.16&Prime; global_colors_info=\u00a0\u00bb{}\u00a0\u00bb][et_pb_text content_tablet=\u00a0\u00bb<\/p>\n<p>\u00a0<\/p>\n<p style=%22text-align: center;%22>2019-2025 \u00a9 Copyright Ch\u00e2teau de Fr\u00e9toy. Tous droits r\u00e9serv\u00e9s. <br \/><a href=%22https:\/\/www.chateaudefretoy.com\/mentions-legales\/%22>Mentions L\u00e9gales<\/a> | <a href=%22https:\/\/www.chateaudefretoy.com\/conditions-generales-de-vente\/%22>CGV<\/a><\/p>\n<p>\u00a0<\/p>\n<p>\u00a0\u00bb content_phone=\u00a0\u00bb<\/p>\n<p style=%22text-align: center;%22>2019-2025 \u00a9 Copyright Ch\u00e2teau de Fr\u00e9toy.<br \/>Tous droits r\u00e9serv\u00e9s.<br \/><a href=%22https:\/\/www.chateaudefretoy.com\/mentions-legales\/%22>Mentions L\u00e9gales<\/a> | <a href=%22https:\/\/www.chateaudefretoy.com\/conditions-generales-de-vente\/%22>CGV<\/a><\/p>\n<p>\u00a0\u00bb content_last_edited=\u00a0\u00bbon|phone\u00a0\u00bb _builder_version=\u00a0\u00bb4.27.4&Prime; text_text_color=\u00a0\u00bb#ffffff\u00a0\u00bb header_text_color=\u00a0\u00bb#ffffff\u00a0\u00bb custom_css_main_element=\u00a0\u00bbcolor:white!important;\u00a0\u00bb global_colors_info=\u00a0\u00bb{}\u00a0\u00bb text_text_align_tablet=\u00a0\u00bbcenter\u00a0\u00bb text_text_align_phone=\u00a0\u00bbcenter\u00a0\u00bb text_text_align_last_edited=\u00a0\u00bbon|tablet\u00a0\u00bb]<\/p>\n<p>2019-2025 \u00a9 Copyright Ch\u00e2teau de Fr\u00e9toy. Tous droits r\u00e9serv\u00e9s. | <a href=\"https:\/\/www.chateaudefretoy.com\/mentions-legales\/\">Mentions L\u00e9gales<\/a> | <a href=\"https:\/\/www.chateaudefretoy.com\/conditions-generales-de-vente\/\">CGV<\/a><\/p>\n<p>[\/et_pb_text][\/et_pb_column][et_pb_column type=\u00a0\u00bb2_5&Prime; _builder_version=\u00a0\u00bb4.16&Prime; global_colors_info=\u00a0\u00bb{}\u00a0\u00bb][et_pb_image src=\u00a0\u00bbhttps:\/\/www.chateaudefretoy.com\/wp-content\/uploads\/2022\/05\/chateau-de-fretoy_-js_logo_white_inline@2x-8.png\u00a0\u00bb title_text=\u00a0\u00bbJS_LOGO_White_Inline@2x-8&Prime; url=\u00a0\u00bbhttps:\/\/www.joss-spanu.com\/\u00a0\u00bb url_new_window=\u00a0\u00bbon\u00a0\u00bb align=\u00a0\u00bbright\u00a0\u00bb align_tablet=\u00a0\u00bbcenter\u00a0\u00bb align_phone=\u00a0\u00bbcenter\u00a0\u00bb align_last_edited=\u00a0\u00bbon|desktop\u00a0\u00bb _builder_version=\u00a0\u00bb4.18.0&Prime; max_width=\u00a0\u00bb114px\u00a0\u00bb max_height=\u00a0\u00bb50px\u00a0\u00bb custom_margin=\u00a0\u00bb-14px||-14px||true|false\u00a0\u00bb global_colors_info=\u00a0\u00bb{}\u00a0\u00bb][\/et_pb_image][\/et_pb_column][\/et_pb_row][\/et_pb_section]<\/p>\n","protected":false},"excerpt":{"rendered":"<p>Le Ch\u00e2teau\u00a0 &amp; son histoire C\u2019est avec un grand plaisir que nous vous accueillons dans notre magnifique ch\u00e2teau, de ses d\u00e9pendances et de son parc de 4 hectares en Bourgogne Sud. Que ce soit pour des vacances en famille, un mariage, une cousinade, un weekend de d\u00e9tente ou pour des s\u00e9minaires.Une b\u00e2tisse de charmeSon architecture [&hellip;]<\/p>\n","protected":false},"author":1,"featured_media":0,"parent":0,"menu_order":0,"comment_status":"closed","ping_status":"closed","template":"","meta":{"_et_pb_use_builder":"on","_et_pb_old_content":"","_et_gb_content_width":"","footnotes":""},"class_list":["post-426","page","type-page","status-publish","hentry"],"yoast_head":"<!-- This site is optimized with the Yoast SEO plugin v27.0 - https:\/\/yoast.com\/product\/yoast-seo-wordpress\/ -->\n<title>Le Ch\u00e2teau | www.chateaudefretoy.com<\/title>\n<meta name=\"description\" content=\"C\u2019est avec un grand plaisir que nous vous accueillons dans notre magnifique ch\u00e2teau, de ses d\u00e9pendances et de son parc de 4 hectares en Bourgogne Sud.\" \/>\n<meta name=\"robots\" content=\"index, follow, max-snippet:-1, max-image-preview:large, max-video-preview:-1\" \/>\n<link rel=\"canonical\" href=\"https:\/\/www.chateaudefretoy.com\/en\/le-chateau\/\" \/>\n<meta property=\"og:locale\" content=\"en_GB\" \/>\n<meta property=\"og:type\" content=\"article\" \/>\n<meta property=\"og:title\" content=\"Le Ch\u00e2teau | www.chateaudefretoy.com\" \/>\n<meta property=\"og:description\" content=\"C\u2019est avec un grand plaisir que nous vous accueillons dans notre magnifique ch\u00e2teau, de ses d\u00e9pendances et de son parc de 4 hectares en Bourgogne Sud.\" \/>\n<meta property=\"og:url\" content=\"https:\/\/www.chateaudefretoy.com\/en\/le-chateau\/\" \/>\n<meta property=\"og:site_name\" content=\"www.chateaudefretoy.com\" \/>\n<meta property=\"article:publisher\" content=\"https:\/\/www.facebook.com\/chateaudefretoy\/\" \/>\n<meta property=\"article:modified_time\" content=\"2025-08-14T09:37:44+00:00\" \/>\n<meta name=\"twitter:card\" content=\"summary_large_image\" \/>\n<meta name=\"twitter:label1\" content=\"Estimated reading time\" \/>\n\t<meta name=\"twitter:data1\" content=\"8 minutes\" \/>\n<script type=\"application\/ld+json\" class=\"yoast-schema-graph\">{\"@context\":\"https:\/\/schema.org\",\"@graph\":[{\"@type\":\"WebPage\",\"@id\":\"https:\/\/www.chateaudefretoy.com\/le-chateau\/\",\"url\":\"https:\/\/www.chateaudefretoy.com\/le-chateau\/\",\"name\":\"Le Ch\u00e2teau | www.chateaudefretoy.com\",\"isPartOf\":{\"@id\":\"https:\/\/www.chateaudefretoy.com\/#website\"},\"datePublished\":\"2019-08-05T09:01:20+00:00\",\"dateModified\":\"2025-08-14T09:37:44+00:00\",\"description\":\"C\u2019est avec un grand plaisir que nous vous accueillons dans notre magnifique ch\u00e2teau, de ses d\u00e9pendances et de son parc de 4 hectares en Bourgogne Sud.\",\"breadcrumb\":{\"@id\":\"https:\/\/www.chateaudefretoy.com\/le-chateau\/#breadcrumb\"},\"inLanguage\":\"en-GB\",\"potentialAction\":[{\"@type\":\"ReadAction\",\"target\":[\"https:\/\/www.chateaudefretoy.com\/le-chateau\/\"]}]},{\"@type\":\"BreadcrumbList\",\"@id\":\"https:\/\/www.chateaudefretoy.com\/le-chateau\/#breadcrumb\",\"itemListElement\":[{\"@type\":\"ListItem\",\"position\":1,\"name\":\"Accueil\",\"item\":\"https:\/\/www.chateaudefretoy.com\/\"},{\"@type\":\"ListItem\",\"position\":2,\"name\":\"Le Ch\u00e2teau\"}]},{\"@type\":\"WebSite\",\"@id\":\"https:\/\/www.chateaudefretoy.com\/#website\",\"url\":\"https:\/\/www.chateaudefretoy.com\/\",\"name\":\"Ch\u00e2teau de Fretoy\",\"description\":\"Votre ch\u00e2teau en Bourgogne\",\"publisher\":{\"@id\":\"https:\/\/www.chateaudefretoy.com\/#organization\"},\"potentialAction\":[{\"@type\":\"SearchAction\",\"target\":{\"@type\":\"EntryPoint\",\"urlTemplate\":\"https:\/\/www.chateaudefretoy.com\/?s={search_term_string}\"},\"query-input\":{\"@type\":\"PropertyValueSpecification\",\"valueRequired\":true,\"valueName\":\"search_term_string\"}}],\"inLanguage\":\"en-GB\"},{\"@type\":\"Organization\",\"@id\":\"https:\/\/www.chateaudefretoy.com\/#organization\",\"name\":\"Ch\u00e2teau de Fr\u00e9toy\",\"url\":\"https:\/\/www.chateaudefretoy.com\/\",\"logo\":{\"@type\":\"ImageObject\",\"inLanguage\":\"en-GB\",\"@id\":\"https:\/\/www.chateaudefretoy.com\/#\/schema\/logo\/image\/\",\"url\":\"https:\/\/www.chateaudefretoy.com\/wp-content\/uploads\/2019\/08\/logo2.png\",\"contentUrl\":\"https:\/\/www.chateaudefretoy.com\/wp-content\/uploads\/2019\/08\/logo2.png\",\"width\":200,\"height\":86,\"caption\":\"Ch\u00e2teau de Fr\u00e9toy\"},\"image\":{\"@id\":\"https:\/\/www.chateaudefretoy.com\/#\/schema\/logo\/image\/\"},\"sameAs\":[\"https:\/\/www.facebook.com\/chateaudefretoy\/\",\"https:\/\/www.instagram.com\/explore\/locations\/203385366369851\/chateau-de-fretoy\/\"]}]}<\/script>\n<!-- \/ Yoast SEO plugin. -->","yoast_head_json":{"title":"Le Ch\u00e2teau | www.chateaudefretoy.com","description":"We are delighted to offer our Ch\u00e2teau surrounded by ten acres of stunning grounds for intimate weddings, family holidays, private parties,","robots":{"index":"index","follow":"follow","max-snippet":"max-snippet:-1","max-image-preview":"max-image-preview:large","max-video-preview":"max-video-preview:-1"},"canonical":"https:\/\/www.chateaudefretoy.com\/en\/le-chateau\/","og_locale":"en_GB","og_type":"article","og_title":"Le Ch\u00e2teau | www.chateaudefretoy.com","og_description":"C\u2019est avec un grand plaisir que nous vous accueillons dans notre magnifique ch\u00e2teau, de ses d\u00e9pendances et de son parc de 4 hectares en Bourgogne Sud.","og_url":"https:\/\/www.chateaudefretoy.com\/en\/le-chateau\/","og_site_name":"www.chateaudefretoy.com","article_publisher":"https:\/\/www.facebook.com\/chateaudefretoy\/","article_modified_time":"2025-08-14T09:37:44+00:00","twitter_card":"summary_large_image","twitter_misc":{"Estimated reading time":"8 minutes"},"schema":{"@context":"https:\/\/schema.org","@graph":[{"@type":"WebPage","@id":"https:\/\/www.chateaudefretoy.com\/le-chateau\/","url":"https:\/\/www.chateaudefretoy.com\/le-chateau\/","name":"Le Ch\u00e2teau | www.chateaudefretoy.com","isPartOf":{"@id":"https:\/\/www.chateaudefretoy.com\/#website"},"datePublished":"2019-08-05T09:01:20+00:00","dateModified":"2025-08-14T09:37:44+00:00","description":"We are delighted to offer our Ch\u00e2teau surrounded by ten acres of stunning grounds for intimate weddings, family holidays, private parties,","breadcrumb":{"@id":"https:\/\/www.chateaudefretoy.com\/le-chateau\/#breadcrumb"},"inLanguage":"en-GB","potentialAction":[{"@type":"ReadAction","target":["https:\/\/www.chateaudefretoy.com\/le-chateau\/"]}]},{"@type":"BreadcrumbList","@id":"https:\/\/www.chateaudefretoy.com\/le-chateau\/#breadcrumb","itemListElement":[{"@type":"ListItem","position":1,"name":"Accueil","item":"https:\/\/www.chateaudefretoy.com\/"},{"@type":"ListItem","position":2,"name":"Le Ch\u00e2teau"}]},{"@type":"WebSite","@id":"https:\/\/www.chateaudefretoy.com\/#website","url":"https:\/\/www.chateaudefretoy.com\/","name":"Ch\u00e2teau de Fretoy","description":"Votre ch\u00e2teau en Bourgogne","publisher":{"@id":"https:\/\/www.chateaudefretoy.com\/#organization"},"potentialAction":[{"@type":"SearchAction","target":{"@type":"EntryPoint","urlTemplate":"https:\/\/www.chateaudefretoy.com\/?s={search_term_string}"},"query-input":{"@type":"PropertyValueSpecification","valueRequired":true,"valueName":"search_term_string"}}],"inLanguage":"en-GB"},{"@type":"Organization","@id":"https:\/\/www.chateaudefretoy.com\/#organization","name":"Ch\u00e2teau de Fr\u00e9toy","url":"https:\/\/www.chateaudefretoy.com\/","logo":{"@type":"ImageObject","inLanguage":"en-GB","@id":"https:\/\/www.chateaudefretoy.com\/#\/schema\/logo\/image\/","url":"https:\/\/www.chateaudefretoy.com\/wp-content\/uploads\/2019\/08\/logo2.png","contentUrl":"https:\/\/www.chateaudefretoy.com\/wp-content\/uploads\/2019\/08\/logo2.png","width":200,"height":86,"caption":"Ch\u00e2teau de Fr\u00e9toy"},"image":{"@id":"https:\/\/www.chateaudefretoy.com\/#\/schema\/logo\/image\/"},"sameAs":["https:\/\/www.facebook.com\/chateaudefretoy\/","https:\/\/www.instagram.com\/explore\/locations\/203385366369851\/chateau-de-fretoy\/"]}]}},"_links":{"self":[{"href":"https:\/\/www.chateaudefretoy.com\/en\/wp-json\/wp\/v2\/pages\/426","targetHints":{"allow":["GET"]}}],"collection":[{"href":"https:\/\/www.chateaudefretoy.com\/en\/wp-json\/wp\/v2\/pages"}],"about":[{"href":"https:\/\/www.chateaudefretoy.com\/en\/wp-json\/wp\/v2\/types\/page"}],"author":[{"embeddable":true,"href":"https:\/\/www.chateaudefretoy.com\/en\/wp-json\/wp\/v2\/users\/1"}],"replies":[{"embeddable":true,"href":"https:\/\/www.chateaudefretoy.com\/en\/wp-json\/wp\/v2\/comments?post=426"}],"version-history":[{"count":99,"href":"https:\/\/www.chateaudefretoy.com\/en\/wp-json\/wp\/v2\/pages\/426\/revisions"}],"predecessor-version":[{"id":7000,"href":"https:\/\/www.chateaudefretoy.com\/en\/wp-json\/wp\/v2\/pages\/426\/revisions\/7000"}],"wp:attachment":[{"href":"https:\/\/www.chateaudefretoy.com\/en\/wp-json\/wp\/v2\/media?parent=426"}],"curies":[{"name":"wp","href":"https:\/\/api.w.org\/{rel}","templated":true}]}}